{"id":1169799,"date":"2026-05-01T03:10:32","date_gmt":"2026-05-01T01:10:32","guid":{"rendered":"https:\/\/www.stewe.de\/lkw-fahrer-herdecke-8273"},"modified":"-0001-11-30T00:00:00","modified_gmt":"-0001-11-29T22:00:00","slug":"lkw-fahrer-herdecke-8273","status":"publish","type":"stellenanzeige","link":"https:\/\/www.stewe.de\/en\/stellenanzeige\/lkw-fahrer-herdecke-8273","title":{"rendered":"LKW-Fahrer &#8211; Herdecke [8273]"},"content":{"rendered":"<p> <span style=\"background-color: rgb(247, 250, 252); color: rgb(33, 37, 41);\"> <\/span><strong style=\"background-color: rgb(247, 250, 252); color: rgb(33, 37, 41);\">Wir suchen DICH! <\/strong><\/p>\n<figure class=\"wp-caption\"><\/figure>\n<p><strong style=\"background-color: rgb(247, 250, 252); color: rgb(33, 37, 41);\">Bewirb dich<\/strong><span style=\"background-color: rgb(247, 250, 252); color: rgb(33, 37, 41);\"> jetzt als <\/span><strong style=\"background-color: rgb(247, 250, 252); color: rgb(33, 37, 41);\">LKW-Fahrer (m\/w\/d), Berufskraftfahrer (m\/w\/d) im Nahverkehr<\/strong><span style=\"background-color: rgb(247, 250, 252); color: rgb(33, 37, 41);\"> f\u00fcr unseren Kunden <\/span><strong style=\"background-color: rgb(247, 250, 252); color: rgb(33, 37, 41);\">in Herdecke<\/strong><span style=\"background-color: rgb(247, 250, 252); color: rgb(33, 37, 41);\"> und werde Teil des Teams.<\/span><\/p>\n<figure class=\"wp-caption\"><\/figure>\n<p><span style=\"background-color: rgb(247, 250, 252); color: rgb(33, 37, 41);\">Ziel ist die <\/span><strong style=\"background-color: rgb(247, 250, 252); color: rgb(33, 37, 41);\">\u00dcbernahme<\/strong><span style=\"background-color: rgb(247, 250, 252); color: rgb(33, 37, 41);\"> in eine <\/span><strong style=\"background-color: rgb(247, 250, 252); color: rgb(33, 37, 41);\">Festanstellung!<\/strong><\/p>\n<\/p>\n<h2>Freu dich auf<\/h2>\n<ul>\n<li><span style=\"background-color: rgb(247, 250, 252); color: rgb(33, 37, 41);\">Einen <\/span><strong style=\"background-color: rgb(247, 250, 252); color: rgb(33, 37, 41);\">unbefristeten Arbeitsvertrag <\/strong><\/li>\n<li><strong style=\"background-color: rgb(247, 250, 252); color: rgb(33, 37, 41);\">P\u00fcnktliche Bezahlung <\/strong><span style=\"background-color: rgb(247, 250, 252); color: rgb(33, 37, 41);\">+ tarifliche <\/span><strong style=\"background-color: rgb(247, 250, 252); color: rgb(33, 37, 41);\">Zuschl\u00e4ge f\u00fcr \u00dcberstunden <\/strong><\/li>\n<li><strong style=\"background-color: rgb(247, 250, 252); color: rgb(33, 37, 41);\">30 Tage Urlaubanspruch <\/strong><span style=\"background-color: rgb(247, 250, 252); color: rgb(33, 37, 41);\">je nach Betriebszugeh\u00f6rigkeit<\/span><\/li>\n<li><strong style=\"background-color: rgb(247, 250, 252); color: rgb(33, 37, 41);\">Weihnachts- und Urlaubsgeld<\/strong><\/li>\n<li><strong style=\"background-color: rgb(247, 250, 252); color: rgb(33, 37, 41);\">Abschlagszahlungen<\/strong><span style=\"background-color: rgb(247, 250, 252); color: rgb(33, 37, 41);\"> zum 1. eines Monats m\u00f6glich<\/span><\/li>\n<li><strong style=\"background-color: rgb(247, 250, 252); color: rgb(33, 37, 41);\">300\u20ac Pr\u00e4mie<\/strong><span style=\"background-color: rgb(247, 250, 252); color: rgb(33, 37, 41);\"> bei Gewinnung von neuen Kollegen\/innen<\/span><\/li>\n<li><strong style=\"background-color: rgb(247, 250, 252); color: rgb(33, 37, 41);\">1.000\u20ac Wechselpr\u00e4mie<\/strong><\/li>\n<li><strong style=\"background-color: rgb(247, 250, 252); color: rgb(33, 37, 41);\">Spesen<\/strong><\/li>\n<li><strong style=\"background-color: rgb(247, 250, 252); color: rgb(33, 37, 41);\">Fahrtkostenzuschuss <\/strong><\/li>\n<li><span style=\"background-color: rgb(247, 250, 252); color: rgb(33, 37, 41);\">Eine <\/span><strong style=\"background-color: rgb(247, 250, 252); color: rgb(33, 37, 41);\">hohe \u00dcbernahmechance<\/strong><span style=\"background-color: rgb(247, 250, 252); color: rgb(33, 37, 41);\"> in unseren Kundenbetrieb<\/span><\/li>\n<\/ul>\n<h2>Dein neuer Job<\/h2>\n<ul>\n<li><strong style=\"background-color: rgb(247, 250, 252); color: rgb(33, 37, 41);\">Be- und Entladen<\/strong><span style=\"background-color: rgb(247, 250, 252); color: rgb(33, 37, 41);\"> des Transportguts<\/span><\/li>\n<li><span style=\"background-color: rgb(247, 250, 252); color: rgb(33, 37, 41);\">Durchf\u00fchrung von<\/span><strong style=\"background-color: rgb(247, 250, 252); color: rgb(33, 37, 41);\"> termingerechten Liefer- und Abholservices<\/strong><span style=\"background-color: rgb(247, 250, 252); color: rgb(33, 37, 41);\"> bei unseren Kunden in Plettenberg und Umgebung<\/span><\/li>\n<li><strong style=\"background-color: rgb(247, 250, 252); color: rgb(33, 37, 41);\">Sicheres F\u00fchren<\/strong><span style=\"background-color: rgb(247, 250, 252); color: rgb(33, 37, 41);\"> des LKWs im innerst\u00e4dtischen<\/span><\/li>\n<li><span style=\"background-color: rgb(247, 250, 252); color: rgb(33, 37, 41);\">Einsatz von <\/span><strong style=\"background-color: rgb(247, 250, 252); color: rgb(33, 37, 41);\">Kipper- und Anh\u00e4ngerfahrzeugen<\/strong><span style=\"background-color: rgb(247, 250, 252); color: rgb(33, 37, 41);\"> gem\u00e4\u00df Bedarf<\/span><\/li>\n<li><span style=\"background-color: rgb(247, 250, 252); color: rgb(33, 37, 41);\">Beachtung von <\/span><strong style=\"background-color: rgb(247, 250, 252); color: rgb(33, 37, 41);\">Sicherheits- und Hygienevorschriften<\/strong><\/li>\n<li><strong style=\"background-color: rgb(247, 250, 252); color: rgb(33, 37, 41);\">Dokumentation<\/strong><span style=\"background-color: rgb(247, 250, 252); color: rgb(33, 37, 41);\"> von Liefernachweisen und Kommunikation mit Kunden<\/span><\/li>\n<\/ul>\n<h2>Dein Profil<\/h2>\n<ul>\n<li><strong>Abgeschlossene Berufsausbildung als Berufskraftfahrer oder vergleichbare Qualifikation<\/strong><\/li>\n<li><strong>G\u00fcltiger F\u00fchrerschein der Klasse CE<\/strong><\/li>\n<li><strong>ADR-Schein zwingend erforderlich<\/strong><\/li>\n<li><strong>Erfahrung im Umgang mit LKW und Anh\u00e4ngern<\/strong><\/li>\n<li><strong>Verantwortungsbewusste, zuverl\u00e4ssige und selbstst\u00e4ndige Arbeitsweise<\/strong><\/li>\n<li><strong>Gute Deutschkenntnisse und freundliches Auftreten<\/strong><\/li>\n<\/ul>\n<h2>Wir freuen uns auf Dich!<\/h2>\n<p><span style=\"background-color: rgb(247, 250, 252); color: rgb(33, 37, 41);\">Du bist der perfekte Kandidat? Dann klicke auf <\/span><strong style=\"background-color: rgb(247, 250, 252); color: rgb(33, 37, 41);\">&quot;jetzt bewerben&quot;<\/strong><span style=\"background-color: rgb(247, 250, 252); color: rgb(33, 37, 41);\"> und wir werden Dich so schnell wie m\u00f6glich kontaktieren.<\/span><\/p>\n<p><span style=\"background-color: rgb(247, 250, 252); color: rgb(33, 37, 41);\">Du m\u00f6chtest sofort eine Antwort und kannst es kaum abwarten?<\/span><\/p>\n<p><span style=\"background-color: rgb(247, 250, 252); color: rgb(33, 37, 41);\">Dann einfach unter dieser Nummer anrufen oder einfach eine direkte Mail an uns senden und ergattere Dir heute noch einen Job!<\/span><\/p>\n<\/p>\n<h2>\u00dcber stewe Personalservice<\/h2>\n<p><strong style=\"background-color: rgb(247, 250, 252); color: rgb(33, 37, 41);\">stewe Personalservice<\/strong><span style=\"background-color: rgb(247, 250, 252); color: rgb(33, 37, 41);\"> ist seit 2004 eine etablierte Gr\u00f6\u00dfe im Bereich Personaldienstleistung und Personalvermittlung.<\/span><\/p>\n<p><span style=\"background-color: rgb(247, 250, 252); color: rgb(33, 37, 41);\">In 10 Niederlassungen betreuen wir aktuell eine stetig wachsende Zahl an zufriedenen Mitarbeitern aller Generationen.<\/span><\/p><\/p>\n","protected":false},"author":7,"template":"","class_list":["post-1169799","stellenanzeige","type-stellenanzeige","status-publish","hentry","stellenanzeige_kategorie-transport-logistik","duration_stellenanzeige-unbefristete-beschaeftigung","art_der_anstellung-teilzeit","type_stellenanzeige-festanstellung-zeitarbeit","firma_stellenanzeige-talent-360"],"acf":[],"_links":{"self":[{"href":"https:\/\/www.stewe.de\/en\/wp-json\/wp\/v2\/stellenanzeigen\/1169799","targetHints":{"allow":["GET"]}}],"collection":[{"href":"https:\/\/www.stewe.de\/en\/wp-json\/wp\/v2\/stellenanzeigen"}],"about":[{"href":"https:\/\/www.stewe.de\/en\/wp-json\/wp\/v2\/types\/stellenanzeige"}],"author":[{"embeddable":true,"href":"https:\/\/www.stewe.de\/en\/wp-json\/wp\/v2\/users\/7"}],"wp:attachment":[{"href":"https:\/\/www.stewe.de\/en\/wp-json\/wp\/v2\/media?parent=1169799"}],"curies":[{"name":"wp","href":"https:\/\/api.w.org\/{rel}","templated":true}]}}